{"id":749,"date":"2023-06-14T09:51:12","date_gmt":"2023-06-14T08:51:12","guid":{"rendered":"https:\/\/tallerdempreses.com\/laboral\/"},"modified":"2023-07-14T09:53:55","modified_gmt":"2023-07-14T08:53:55","slug":"laboral","status":"publish","type":"page","link":"https:\/\/tallerdempreses.com\/ca\/laboral\/","title":{"rendered":"Laboral"},"content":{"rendered":"<p>[et_pb_section fb_built=&#8221;1&#8243; _builder_version=&#8221;4.21.0&#8243; _module_preset=&#8221;default&#8221; background_color=&#8221;rgba(29,125,120,0.61)&#8221; background_image=&#8221;http:\/\/tallerdempreses.com\/wp-content\/uploads\/asian-business-adviser-meeting-to-analyze-and-disc-2022-09-09-18-30-08-utc.jpg&#8221; background_blend=&#8221;multiply&#8221; min_height=&#8221;80vh&#8221; custom_padding=&#8221;10vh||10vh||true|false&#8221; global_colors_info=&#8221;{}&#8221;][et_pb_row _builder_version=&#8221;4.21.0&#8243; _module_preset=&#8221;default&#8221; width_tablet=&#8221;&#8221; width_phone=&#8221;90%&#8221; width_last_edited=&#8221;on|phone&#8221; global_colors_info=&#8221;{}&#8221;][et_pb_column type=&#8221;4_4&#8243; _builder_version=&#8221;4.21.0&#8243; _module_preset=&#8221;default&#8221; global_colors_info=&#8221;{}&#8221;][et_pb_text _builder_version=&#8221;4.21.0&#8243; _module_preset=&#8221;default&#8221; text_font=&#8221;|700|||||||&#8221; text_text_color=&#8221;#FFFFFF&#8221; text_font_size=&#8221;54px&#8221; text_line_height=&#8221;1em&#8221; width=&#8221;57.5%&#8221; width_tablet=&#8221;100%&#8221; width_phone=&#8221;100%&#8221; width_last_edited=&#8221;on|phone&#8221; min_height=&#8221;86.8px&#8221; custom_margin=&#8221;||34px|||&#8221; text_font_size_tablet=&#8221;54px&#8221; text_font_size_phone=&#8221;48px&#8221; text_font_size_last_edited=&#8221;on|phone&#8221; global_colors_info=&#8221;{}&#8221;]<\/p>\n<p>La import\u00e0ncia dun assessorament laboral integral<\/p>\n<p>[\/et_pb_text][et_pb_text _builder_version=&#8221;4.21.0&#8243; _module_preset=&#8221;default&#8221; text_font=&#8221;|300|||||||&#8221; text_text_color=&#8221;#FFFFFF&#8221; text_font_size=&#8221;36px&#8221; text_line_height=&#8221;1.2em&#8221; width=&#8221;60.5%&#8221; width_tablet=&#8221;100%&#8221; width_phone=&#8221;100%&#8221; width_last_edited=&#8221;on|phone&#8221; custom_margin=&#8221;||64px|||&#8221; global_colors_info=&#8221;{}&#8221;]<\/p>\n<p>T&#8217;ajudem a l&#8217;externalitzaci\u00f3 de la gesti\u00f3 administrativa i de tots els tr\u00e0mits en mat\u00e8ria laboral.<\/p>\n<p>[\/et_pb_text][et_pb_button button_url=&#8221;#contacte&#8221; button_text=&#8221;Contacta amb nosaltres&#8221; _builder_version=&#8221;4.21.0&#8243; _module_preset=&#8221;default&#8221; global_colors_info=&#8221;{}&#8221;][\/et_pb_button][\/et_pb_column][\/et_pb_row][\/et_pb_section][et_pb_section fb_built=&#8221;1&#8243; _builder_version=&#8221;4.21.0&#8243; _module_preset=&#8221;default&#8221; use_background_color_gradient=&#8221;on&#8221; background_color_gradient_stops=&#8221;#ffffff 65%|#1d7d78 65%&#8221; background_image=&#8221;http:\/\/tallerdempreses.com\/wp-content\/uploads\/the-sales-department-is-having-a-monthly-summary-m-2023-02-17-00-50-41-utc.png&#8221; background_size=&#8221;initial&#8221; background_position=&#8221;center_right&#8221; background_last_edited=&#8221;on|tablet&#8221; use_background_color_gradient_tablet=&#8221;on&#8221; use_background_color_gradient_phone=&#8221;on&#8221; background_color_gradient_stops_tablet=&#8221;#ffffff 63%|#1d7d78 63%&#8221; background_color_gradient_stops_phone=&#8221;#ffffff 59%|#1d7d78 59%&#8221; background_enable_image_tablet=&#8221;off&#8221; global_colors_info=&#8221;{}&#8221;][et_pb_row column_structure=&#8221;1_2,1_2&#8243; _builder_version=&#8221;4.21.0&#8243; _module_preset=&#8221;default&#8221; custom_margin=&#8221;||||false|false&#8221; locked=&#8221;off&#8221; global_colors_info=&#8221;{}&#8221;][et_pb_column type=&#8221;1_2&#8243; _builder_version=&#8221;4.21.0&#8243; _module_preset=&#8221;default&#8221; global_colors_info=&#8221;{}&#8221;][et_pb_text _builder_version=&#8221;4.21.0&#8243; _module_preset=&#8221;default&#8221; text_text_color=&#8221;#1D7D78&#8243; text_font_size=&#8221;24px&#8221; width=&#8221;93.8%&#8221; custom_margin=&#8221;||40px|||&#8221; custom_padding=&#8221;||21px|||&#8221; border_width_bottom=&#8221;3px&#8221; border_color_bottom=&#8221;#1D7D78&#8243; global_colors_info=&#8221;{}&#8221;]<\/p>\n<p>TR\u00c0MITS SIMPLIFICATS PER A UN NEGOCI COMPETENT<\/p>\n<p>[\/et_pb_text][et_pb_text _builder_version=&#8221;4.21.0&#8243; _module_preset=&#8221;default&#8221; text_text_color=&#8221;#1D7D78&#8243; text_font_size=&#8221;54px&#8221; text_line_height=&#8221;1em&#8221; min_height=&#8221;54.8px&#8221; custom_margin=&#8221;||28px|||&#8221; global_colors_info=&#8221;{}&#8221;]<\/p>\n<p>Efici\u00e8ncia laboral garantida<\/p>\n<p>[\/et_pb_text][dsm_icon_list list_vertical_alignment=&#8221;flex-start&#8221; text_indent=&#8221;0px&#8221; image_padding=&#8221;10px&#8221; _builder_version=&#8221;4.21.0&#8243; _module_preset=&#8221;default&#8221; text_line_height=&#8221;1.5em&#8221; custom_margin=&#8221;||9px|||&#8221; custom_padding=&#8221;||||false|false&#8221; global_colors_info=&#8221;{}&#8221;][dsm_icon_list_child text=&#8221;Consultor\u00eda en materia laboral.&#8221; use_icon=&#8221;off&#8221; image=&#8221;http:\/\/tallerdempreses.com\/wp-content\/uploads\/noun-arrow-5597017.png&#8221; _builder_version=&#8221;4.21.0&#8243; _module_preset=&#8221;default&#8221; text_font=&#8221;|300|||||||&#8221; text_font_size=&#8221;24px&#8221; global_colors_info=&#8221;{}&#8221;][\/dsm_icon_list_child][dsm_icon_list_child text=&#8221;Inscripci\u00f3 d&#8217;empreses a la Seguretat Social.&#8221; use_icon=&#8221;off&#8221; image=&#8221;http:\/\/tallerdempreses.com\/wp-content\/uploads\/noun-arrow-5597017.png&#8221; _builder_version=&#8221;4.21.0&#8243; _module_preset=&#8221;default&#8221; text_font=&#8221;|300|||||||&#8221; text_font_size=&#8221;24px&#8221; global_colors_info=&#8221;{}&#8221;][\/dsm_icon_list_child][dsm_icon_list_child text=&#8221;Altes de centres de treball.&#8221; use_icon=&#8221;off&#8221; image=&#8221;http:\/\/tallerdempreses.com\/wp-content\/uploads\/noun-arrow-5597017.png&#8221; _builder_version=&#8221;4.21.0&#8243; _module_preset=&#8221;default&#8221; text_font=&#8221;|300|||||||&#8221; text_font_size=&#8221;24px&#8221; global_colors_info=&#8221;{}&#8221;][\/dsm_icon_list_child][dsm_icon_list_child text=&#8221; Contractes de treball i acomiadaments.&#8221; use_icon=&#8221;off&#8221; image=&#8221;http:\/\/tallerdempreses.com\/wp-content\/uploads\/noun-arrow-5597017.png&#8221; _builder_version=&#8221;4.21.0&#8243; _module_preset=&#8221;default&#8221; text_font=&#8221;|300|||||||&#8221; text_font_size=&#8221;24px&#8221; global_colors_info=&#8221;{}&#8221;][\/dsm_icon_list_child][dsm_icon_list_child text=&#8221; Confecci\u00f3 de n\u00f2mines i assegurances socials&#8221; use_icon=&#8221;off&#8221; image=&#8221;http:\/\/tallerdempreses.com\/wp-content\/uploads\/noun-arrow-5597017.png&#8221; _builder_version=&#8221;4.21.0&#8243; _module_preset=&#8221;default&#8221; text_font=&#8221;|300|||||||&#8221; text_font_size=&#8221;24px&#8221; global_colors_info=&#8221;{}&#8221;][\/dsm_icon_list_child][dsm_icon_list_child text=&#8221;Gestions amb la Seguretat Social&#8221; use_icon=&#8221;off&#8221; image=&#8221;http:\/\/tallerdempreses.com\/wp-content\/uploads\/noun-arrow-5597017.png&#8221; _builder_version=&#8221;4.21.0&#8243; _module_preset=&#8221;default&#8221; text_font=&#8221;|300|||||||&#8221; text_font_size=&#8221;24px&#8221; global_colors_info=&#8221;{}&#8221;][\/dsm_icon_list_child][\/dsm_icon_list][dsm_icon_list list_vertical_alignment=&#8221;flex-start&#8221; text_indent=&#8221;0px&#8221; image_padding=&#8221;10px&#8221; _builder_version=&#8221;4.21.0&#8243; _module_preset=&#8221;default&#8221; width=&#8221;100%&#8221; custom_margin=&#8221;-11px||7px||false|false&#8221; custom_padding=&#8221;10px|||70px||&#8221; custom_padding_tablet=&#8221;|||35px|false|false&#8221; custom_padding_phone=&#8221;|||25px|false|false&#8221; custom_padding_last_edited=&#8221;on|phone&#8221; global_colors_info=&#8221;{}&#8221;][dsm_icon_list_child text=&#8221;Tramitaci\u00f3 de prestacions&#8221; use_icon=&#8221;off&#8221; image=&#8221;http:\/\/tallerdempreses.com\/wp-content\/uploads\/noun-arrow-5597017.png&#8221; _builder_version=&#8221;4.21.0&#8243; _module_preset=&#8221;default&#8221; text_font=&#8221;|300|||||||&#8221; text_font_size=&#8221;24px&#8221; custom_margin=&#8221;||||false|false&#8221; global_colors_info=&#8221;{}&#8221;][\/dsm_icon_list_child][dsm_icon_list_child text=&#8221;Gesti\u00f3 d&#8217;incapacitats temporals i accidents de treball&#8221; use_icon=&#8221;off&#8221; image=&#8221;http:\/\/tallerdempreses.com\/wp-content\/uploads\/noun-arrow-5597017.png&#8221; _builder_version=&#8221;4.21.0&#8243; _module_preset=&#8221;default&#8221; text_font=&#8221;|300|||||||&#8221; text_font_size=&#8221;24px&#8221; global_colors_info=&#8221;{}&#8221;][\/dsm_icon_list_child][dsm_icon_list_child text=&#8221;Comunicacions, requeriments i gesti\u00f3 de les quotes mensuals&#8221; use_icon=&#8221;off&#8221; image=&#8221;http:\/\/tallerdempreses.com\/wp-content\/uploads\/noun-arrow-5597017.png&#8221; _builder_version=&#8221;4.21.0&#8243; _module_preset=&#8221;default&#8221; text_font=&#8221;|300|||||||&#8221; text_font_size=&#8221;24px&#8221; global_colors_info=&#8221;{}&#8221;][\/dsm_icon_list_child][dsm_icon_list_child text=&#8221; En materia de cotizaci\u00f3n: comunicaciones y gesti\u00f3n de las cuotas mensuales&#8221; use_icon=&#8221;off&#8221; image=&#8221;http:\/\/tallerdempreses.com\/wp-content\/uploads\/noun-arrow-5597017.png&#8221; _builder_version=&#8221;4.21.0&#8243; _module_preset=&#8221;default&#8221; text_font=&#8221;|300|||||||&#8221; text_font_size=&#8221;24px&#8221; global_colors_info=&#8221;{}&#8221;][\/dsm_icon_list_child][dsm_icon_list_child text=&#8221;Assessorament i tramitaci\u00f3 en el pagament dels deutes: embargaments, ajornaments, etc.&#8221; use_icon=&#8221;off&#8221; image=&#8221;http:\/\/tallerdempreses.com\/wp-content\/uploads\/noun-arrow-5597017.png&#8221; _builder_version=&#8221;4.21.0&#8243; _module_preset=&#8221;default&#8221; text_font=&#8221;|300|||||||&#8221; text_font_size=&#8221;24px&#8221; global_colors_info=&#8221;{}&#8221;][\/dsm_icon_list_child][\/dsm_icon_list][dsm_icon_list list_vertical_alignment=&#8221;flex-start&#8221; text_indent=&#8221;0px&#8221; image_padding=&#8221;10px&#8221; _builder_version=&#8221;4.21.0&#8243; _module_preset=&#8221;default&#8221; text_line_height=&#8221;1.5em&#8221; custom_margin=&#8221;||9px|||&#8221; custom_padding=&#8221;||||false|false&#8221; global_colors_info=&#8221;{}&#8221;][dsm_icon_list_child text=&#8221;Petici\u00f3 d&#8217;informes i certificats a la Seguretat Social&#8221; use_icon=&#8221;off&#8221; image=&#8221;http:\/\/tallerdempreses.com\/wp-content\/uploads\/noun-arrow-5597017.png&#8221; _builder_version=&#8221;4.21.0&#8243; _module_preset=&#8221;default&#8221; text_font=&#8221;|300|||||||&#8221; text_font_size=&#8221;24px&#8221; global_colors_info=&#8221;{}&#8221;][\/dsm_icon_list_child][dsm_icon_list_child text=&#8221; Preparaci\u00f3 i assist\u00e8ncia a la Inspecci\u00f3 de la Seguretat Social&#8221; use_icon=&#8221;off&#8221; image=&#8221;http:\/\/tallerdempreses.com\/wp-content\/uploads\/noun-arrow-5597017.png&#8221; _builder_version=&#8221;4.21.0&#8243; _module_preset=&#8221;default&#8221; text_font=&#8221;|300|||||||&#8221; text_font_size=&#8221;24px&#8221; global_colors_info=&#8221;{}&#8221;][\/dsm_icon_list_child][dsm_icon_list_child text=&#8221;Altes, modificacions i baixes al R\u00e8gim Especial de Treballadors Aut\u00f2noms. Assessorament i gesti\u00f3 dels tr\u00e0mits relatius a cotitzacions a la Seguretat Social&#8221; use_icon=&#8221;off&#8221; image=&#8221;http:\/\/tallerdempreses.com\/wp-content\/uploads\/noun-arrow-5597017.png&#8221; _builder_version=&#8221;4.21.0&#8243; _module_preset=&#8221;default&#8221; text_font=&#8221;|300|||||||&#8221; text_font_size=&#8221;24px&#8221; global_colors_info=&#8221;{}&#8221;][\/dsm_icon_list_child][dsm_icon_list_child text=&#8221;Altes, modificacions i baixes al Sistema Especial d&#8217;Empleats de la Llar&#8221; use_icon=&#8221;off&#8221; image=&#8221;http:\/\/tallerdempreses.com\/wp-content\/uploads\/noun-arrow-5597017.png&#8221; _builder_version=&#8221;4.21.0&#8243; _module_preset=&#8221;default&#8221; text_font=&#8221;|300|||||||&#8221; text_font_size=&#8221;24px&#8221; global_colors_info=&#8221;{}&#8221;][\/dsm_icon_list_child][\/dsm_icon_list][et_pb_image src=&#8221;http:\/\/tallerdempreses.com\/wp-content\/uploads\/Eficiencia-laboral-garantizada-1.png&#8221; title_text=&#8221;Efici\u00e8ncia-laboral-garantitzada (1)&#8221; disabled_on=&#8221;off|off|on&#8221; admin_label=&#8221;Img &#8211; Tab + Mbl&#8221; _builder_version=&#8221;4.21.0&#8243; _module_preset=&#8221;default&#8221; custom_margin_tablet=&#8221;40px||||false|false&#8221; custom_margin_phone=&#8221;40px||||false|false&#8221; custom_margin_last_edited=&#8221;on|tablet&#8221; global_colors_info=&#8221;{}&#8221;][\/et_pb_image][\/et_pb_column][et_pb_column type=&#8221;1_2&#8243; disabled_on=&#8221;on|on|off&#8221; _builder_version=&#8221;4.21.0&#8243; _module_preset=&#8221;default&#8221; custom_padding_tablet=&#8221;||0px||false|false&#8221; custom_padding_phone=&#8221;||0px||false|false&#8221; custom_padding_last_edited=&#8221;on|tablet&#8221; global_colors_info=&#8221;{}&#8221;][\/et_pb_column][\/et_pb_row][et_pb_row _builder_version=&#8221;4.21.0&#8243; _module_preset=&#8221;default&#8221; background_enable_color=&#8221;off&#8221; z_index=&#8221;0&#8243; width=&#8221;100%&#8221; max_width=&#8221;100%&#8221; custom_padding=&#8221;|10%||10%|false|true&#8221; locked=&#8221;off&#8221; global_colors_info=&#8221;{}&#8221;][et_pb_column type=&#8221;4_4&#8243; _builder_version=&#8221;4.21.0&#8243; _module_preset=&#8221;default&#8221; global_colors_info=&#8221;{}&#8221;][et_pb_text _builder_version=&#8221;4.21.0&#8243; _module_preset=&#8221;default&#8221; text_font=&#8221;|300|||||||&#8221; text_text_color=&#8221;#FFFFFF&#8221; text_font_size=&#8221;36px&#8221; text_line_height=&#8221;1.2em&#8221; max_width=&#8221;47%&#8221; max_width_tablet=&#8221;100%&#8221; max_width_phone=&#8221;100%&#8221; max_width_last_edited=&#8221;on|phone&#8221; custom_margin=&#8221;||30px|||&#8221; global_colors_info=&#8221;{}&#8221;]<\/p>\n<p>Amb el nostre servei, els empresaris poden centrar-se en el seu negoci sense preocupar-se de les gestions administratives.<\/p>\n<p>[\/et_pb_text][et_pb_text _builder_version=&#8221;4.21.0&#8243; _module_preset=&#8221;default&#8221; text_text_color=&#8221;#FFFFFF&#8221; text_font_size=&#8221;20px&#8221; text_line_height=&#8221;1.8em&#8221; width=&#8221;52.3%&#8221; width_tablet=&#8221;100%&#8221; width_phone=&#8221;100%&#8221; width_last_edited=&#8221;on|tablet&#8221; global_colors_info=&#8221;{}&#8221;]<\/p>\n<p>Com a experts en dret laboral, oferim un servei personalitzat i adaptat a les necessitats de cada client.<br \/>Ens encarreguem de tots els aspectes relacionats amb la contractaci\u00f3, gesti\u00f3 de n\u00f2mines, liquidacions i la resta de tr\u00e0mits necessaris per complir amb la normativa laboral.<\/p>\n<p>Ens assegurem de mantenir-nos informats sobre tota la legislaci\u00f3 i oferir assessorament als nostres clients. Confeccionem la documentaci\u00f3 laboral necess\u00e0ria, incloent contractes de treball, altes i baixes a la Seguretat Social i la confecci\u00f3 de n\u00f2mines i assegurances socials. A m\u00e9s, brindem assist\u00e8ncia en la preparaci\u00f3 i assist\u00e8ncia a les Inspeccions de Treball i en la recepci\u00f3 de notificacions telem\u00e0tiques de la Seguretat Social.<\/p>\n<p>[\/et_pb_text][\/et_pb_column][\/et_pb_row][\/et_pb_section][et_pb_section fb_built=&#8221;1&#8243; _builder_version=&#8221;4.21.0&#8243; _module_preset=&#8221;default&#8221; custom_padding=&#8221;58px||0px|||&#8221; global_colors_info=&#8221;{}&#8221;][et_pb_row column_structure=&#8221;1_2,1_2&#8243; module_id=&#8221;contacto&#8221; _builder_version=&#8221;4.21.0&#8243; _module_preset=&#8221;default&#8221; custom_padding=&#8221;5px||23px|||&#8221; global_colors_info=&#8221;{}&#8221;][et_pb_column type=&#8221;1_2&#8243; _builder_version=&#8221;4.21.0&#8243; _module_preset=&#8221;default&#8221; global_colors_info=&#8221;{}&#8221;][et_pb_text _builder_version=&#8221;4.21.0&#8243; _module_preset=&#8221;default&#8221; text_text_color=&#8221;#1D7D78&#8243; text_font_size=&#8221;24px&#8221; transform_translate_linked=&#8221;off&#8221; custom_padding=&#8221;||22px||false|false&#8221; border_width_bottom=&#8221;3px&#8221; border_color_bottom=&#8221;#1D7D78&#8243; global_colors_info=&#8221;{}&#8221;]<\/p>\n<p>Contacta amb nosaltres<\/p>\n<p>[\/et_pb_text][et_pb_text _builder_version=&#8221;4.21.0&#8243; _module_preset=&#8221;default&#8221; text_text_color=&#8221;#1D7D78&#8243; text_font_size=&#8221;54px&#8221; text_line_height=&#8221;1.1em&#8221; transform_translate_linked=&#8221;off&#8221; min_height=&#8221;41.8px&#8221; custom_margin=&#8221;||40px|||&#8221; global_colors_info=&#8221;{}&#8221;]<\/p>\n<p>Truca&#8217;ns o visita&#8217;ns<\/p>\n<p>[\/et_pb_text][et_pb_text _builder_version=&#8221;4.21.0&#8243; _module_preset=&#8221;default&#8221; text_text_color=&#8221;#000000&#8243; text_font_size=&#8221;24px&#8221; text_line_height=&#8221;1.3em&#8221; transform_translate_linked=&#8221;off&#8221; custom_margin=&#8221;||49px|||&#8221; global_colors_info=&#8221;{}&#8221;]<\/p>\n<p>El nostre objectiu \u00e9s brindar un assessorament laboral professional per ajudar a reduir els costos de personal i complir les obligacions fiscals.<\/p>\n<p>[\/et_pb_text][et_pb_text _builder_version=&#8221;4.21.0&#8243; _module_preset=&#8221;default&#8221; text_font_size=&#8221;24px&#8221; global_colors_info=&#8221;{}&#8221;]<\/p>\n<p>C\/ Xaloc, 3 1\u00ba 2\u00aa<br \/>08917 Badalona (Barcelona)<\/p>\n<p>Tel: +34 934 650 744<br \/>E-mail: info@tallerdempreses.com<\/p>\n<p>[\/et_pb_text][\/et_pb_column][et_pb_column type=&#8221;1_2&#8243; _builder_version=&#8221;4.21.0&#8243; _module_preset=&#8221;default&#8221; global_colors_info=&#8221;{}&#8221;][et_pb_contact_form use_spam_service=&#8221;on&#8221; email=&#8221;info@tallerdempreses.com&#8221; custom_message=&#8221;Formulari de la p\u00e0gina Principal:||et_pb_line_break_holder||||et_pb_line_break_holder||Nom: %%name%% ||et_pb_line_break_holder||Correu electr\u00f2nic: %%email%% ||et_pb_line_break_holder|| et_pb_line_break_holder||Nom de la companyia: %%company%% ||et_pb_line_break_holder||Missatge: %%Message%% &#8221; success_message=&#8221;El vostre missatge ha estat enviat amb \u00e8xit.&#8221; submit_button_text=&#8221;Enviar&#8221; _builder_version=&#8221;4.21.0&#8243; _module_preset=&#8221;default&#8221; _unique_id=&#8221;ba3fa4dd-8a74-4ad4-8bf5-5b83281ea4da&#8221; form_field_background_color=&#8221;#FFFFFF&#8221; form_field_text_color=&#8221;#7a7a7a&#8221; form_field_font=&#8221;|300|||||||&#8221; form_field_font_size=&#8221;24px&#8221; custom_button=&#8221;on&#8221; button_text_color=&#8221;#1D7D78&#8243; button_font=&#8221;|700|||||||&#8221; button_use_icon=&#8221;off&#8221; transform_translate_linked=&#8221;off&#8221; text_orientation=&#8221;left&#8221; hover_enabled=&#8221;0&#8243; border_width_all=&#8221;1px&#8221; border_color_all=&#8221;#1D7D78&#8243; locked=&#8221;off&#8221; global_colors_info=&#8221;{}&#8221; button_text_color__hover=&#8221;#FFFFFF&#8221; button_text_color__hover_enabled=&#8221;on|desktop&#8221; button_bg_color__hover=&#8221;#1D7D78&#8243; button_bg_color__hover_enabled=&#8221;on|hover&#8221; sticky_enabled=&#8221;0&#8243;][et_pb_contact_field field_id=&#8221;Name&#8221; field_title=&#8221;Nom Complet&#8221; fullwidth_field=&#8221;on&#8221; _builder_version=&#8221;4.21.0&#8243; global_colors_info=&#8221;{}&#8221; button_text_size__hover_enabled=&#8221;off&#8221; button_one_text_size__hover_enabled=&#8221;off&#8221; button_two_text_size__hover_enabled=&#8221;off&#8221; button_text_color__hover_enabled=&#8221;off&#8221; button_one_text_color__hover_enabled=&#8221;off&#8221; button_two_text_color__hover_enabled=&#8221;off&#8221; button_border_width__hover_enabled=&#8221;off&#8221; button_one_border_width__hover_enabled=&#8221;off&#8221; button_two_border_width__hover_enabled=&#8221;off&#8221; button_border_color__hover_enabled=&#8221;off&#8221; button_one_border_color__hover_enabled=&#8221;off&#8221; button_two_border_color__hover_enabled=&#8221;off&#8221; button_border_radius__hover_enabled=&#8221;off&#8221; button_one_border_radius__hover_enabled=&#8221;off&#8221; button_two_border_radius__hover_enabled=&#8221;off&#8221; button_letter_spacing__hover_enabled=&#8221;off&#8221; button_one_letter_spacing__hover_enabled=&#8221;off&#8221; button_two_letter_spacing__hover_enabled=&#8221;off&#8221; button_bg_color__hover_enabled=&#8221;off&#8221; button_one_bg_color__hover_enabled=&#8221;off&#8221; button_two_bg_color__hover_enabled=&#8221;off&#8221;][\/et_pb_contact_field][et_pb_contact_field field_id=&#8221;Email&#8221; field_title=&#8221;Email de contacte&#8221; field_type=&#8221;email&#8221; fullwidth_field=&#8221;on&#8221; _builder_version=&#8221;4.21.0&#8243; global_colors_info=&#8221;{}&#8221; button_text_size__hover_enabled=&#8221;off&#8221; button_one_text_size__hover_enabled=&#8221;off&#8221; button_two_text_size__hover_enabled=&#8221;off&#8221; button_text_color__hover_enabled=&#8221;off&#8221; button_one_text_color__hover_enabled=&#8221;off&#8221; button_two_text_color__hover_enabled=&#8221;off&#8221; button_border_width__hover_enabled=&#8221;off&#8221; button_one_border_width__hover_enabled=&#8221;off&#8221; button_two_border_width__hover_enabled=&#8221;off&#8221; button_border_color__hover_enabled=&#8221;off&#8221; button_one_border_color__hover_enabled=&#8221;off&#8221; button_two_border_color__hover_enabled=&#8221;off&#8221; button_border_radius__hover_enabled=&#8221;off&#8221; button_one_border_radius__hover_enabled=&#8221;off&#8221; button_two_border_radius__hover_enabled=&#8221;off&#8221; button_letter_spacing__hover_enabled=&#8221;off&#8221; button_one_letter_spacing__hover_enabled=&#8221;off&#8221; button_two_letter_spacing__hover_enabled=&#8221;off&#8221; button_bg_color__hover_enabled=&#8221;off&#8221; button_one_bg_color__hover_enabled=&#8221;off&#8221; button_two_bg_color__hover_enabled=&#8221;off&#8221;][\/et_pb_contact_field][et_pb_contact_field field_id=&#8221;phone&#8221; field_title=&#8221;Tel\u00e8fon de contacte&#8221; allowed_symbols=&#8221;numbers&#8221; fullwidth_field=&#8221;on&#8221; _builder_version=&#8221;4.21.0&#8243; global_colors_info=&#8221;{}&#8221; button_text_size__hover_enabled=&#8221;off&#8221; button_one_text_size__hover_enabled=&#8221;off&#8221; button_two_text_size__hover_enabled=&#8221;off&#8221; button_text_color__hover_enabled=&#8221;off&#8221; button_one_text_color__hover_enabled=&#8221;off&#8221; button_two_text_color__hover_enabled=&#8221;off&#8221; button_border_width__hover_enabled=&#8221;off&#8221; button_one_border_width__hover_enabled=&#8221;off&#8221; button_two_border_width__hover_enabled=&#8221;off&#8221; button_border_color__hover_enabled=&#8221;off&#8221; button_one_border_color__hover_enabled=&#8221;off&#8221; button_two_border_color__hover_enabled=&#8221;off&#8221; button_border_radius__hover_enabled=&#8221;off&#8221; button_one_border_radius__hover_enabled=&#8221;off&#8221; button_two_border_radius__hover_enabled=&#8221;off&#8221; button_letter_spacing__hover_enabled=&#8221;off&#8221; button_one_letter_spacing__hover_enabled=&#8221;off&#8221; button_two_letter_spacing__hover_enabled=&#8221;off&#8221; button_bg_color__hover_enabled=&#8221;off&#8221; button_one_bg_color__hover_enabled=&#8221;off&#8221; button_two_bg_color__hover_enabled=&#8221;off&#8221;][\/et_pb_contact_field][et_pb_contact_field field_id=&#8221;company&#8221; field_title=&#8221;Nom de la teva empresa&#8221; required_mark=&#8221;off&#8221; fullwidth_field=&#8221;on&#8221; _builder_version=&#8221;4.21.0&#8243; global_colors_info=&#8221;{}&#8221; button_text_size__hover_enabled=&#8221;off&#8221; button_one_text_size__hover_enabled=&#8221;off&#8221; button_two_text_size__hover_enabled=&#8221;off&#8221; button_text_color__hover_enabled=&#8221;off&#8221; button_one_text_color__hover_enabled=&#8221;off&#8221; button_two_text_color__hover_enabled=&#8221;off&#8221; button_border_width__hover_enabled=&#8221;off&#8221; button_one_border_width__hover_enabled=&#8221;off&#8221; button_two_border_width__hover_enabled=&#8221;off&#8221; button_border_color__hover_enabled=&#8221;off&#8221; button_one_border_color__hover_enabled=&#8221;off&#8221; button_two_border_color__hover_enabled=&#8221;off&#8221; button_border_radius__hover_enabled=&#8221;off&#8221; button_one_border_radius__hover_enabled=&#8221;off&#8221; button_two_border_radius__hover_enabled=&#8221;off&#8221; button_letter_spacing__hover_enabled=&#8221;off&#8221; button_one_letter_spacing__hover_enabled=&#8221;off&#8221; button_two_letter_spacing__hover_enabled=&#8221;off&#8221; button_bg_color__hover_enabled=&#8221;off&#8221; button_one_bg_color__hover_enabled=&#8221;off&#8221; button_two_bg_color__hover_enabled=&#8221;off&#8221;][\/et_pb_contact_field][et_pb_contact_field field_id=&#8221;Message&#8221; field_title=&#8221;Explica&#8217;ns m\u00e9s: &#8221; field_type=&#8221;text&#8221; fullwidth_field=&#8221;on&#8221; _builder_version=&#8221;4.21.0&#8243; global_colors_info=&#8221;{}&#8221; button_text_size__hover_enabled=&#8221;off&#8221; button_one_text_size__hover_enabled=&#8221;off&#8221; button_two_text_size__hover_enabled=&#8221;off&#8221; button_text_color__hover_enabled=&#8221;off&#8221; button_one_text_color__hover_enabled=&#8221;off&#8221; button_two_text_color__hover_enabled=&#8221;off&#8221; button_border_width__hover_enabled=&#8221;off&#8221; button_one_border_width__hover_enabled=&#8221;off&#8221; button_two_border_width__hover_enabled=&#8221;off&#8221; button_border_color__hover_enabled=&#8221;off&#8221; button_one_border_color__hover_enabled=&#8221;off&#8221; button_two_border_color__hover_enabled=&#8221;off&#8221; button_border_radius__hover_enabled=&#8221;off&#8221; button_one_border_radius__hover_enabled=&#8221;off&#8221; button_two_border_radius__hover_enabled=&#8221;off&#8221; button_letter_spacing__hover_enabled=&#8221;off&#8221; button_one_letter_spacing__hover_enabled=&#8221;off&#8221; button_two_letter_spacing__hover_enabled=&#8221;off&#8221; button_bg_color__hover_enabled=&#8221;off&#8221; button_one_bg_color__hover_enabled=&#8221;off&#8221; button_two_bg_color__hover_enabled=&#8221;off&#8221;][\/et_pb_contact_field][et_pb_contact_field field_id=&#8221;Policy&#8221; field_title=&#8221; &#8221; field_type=&#8221;checkbox&#8221; checkbox_options=&#8221;%91{%22value%22:%22Accepto la %22,%22checked%22:0,%22dragID%22:-1,%22link_url%22:%22\\\/politica-de-privadesa\\\/%22,%22link_text%22:%22Pol\u00edtica de Privadesa%22}%93&#8243; fullwidth_field=&#8221;on&#8221; _builder_version=&#8221;4.21.0&#8243; _module_preset=&#8221;default&#8221; form_field_background_color=&#8221;#FFFFFF&#8221; form_field_text_color=&#8221;#7a7a7a&#8221; form_field_focus_background_color=&#8221;#FFFFFF&#8221; form_field_font_size=&#8221;16px&#8221; hover_enabled=&#8221;0&#8243; global_colors_info=&#8221;{}&#8221; sticky_enabled=&#8221;0&#8243;][\/et_pb_contact_field][\/et_pb_contact_form][\/et_pb_column][\/et_pb_row][\/et_pb_section]<\/p>\n","protected":false},"excerpt":{"rendered":"<p>La import\u00e0ncia dun assessorament laboral integralT&#8217;ajudem a l&#8217;externalitzaci\u00f3 de la gesti\u00f3 administrativa i de tots els tr\u00e0mits en mat\u00e8ria laboral.TR\u00c0MITS SIMPLIFICATS PER A UN NEGOCI COMPETENTEfici\u00e8ncia laboral garantida<div class=\"et_pb_module dsm_icon_list dsm_icon_list_0\">\n\t\t\t\t\n\t\t\t\t\n\t\t\t\t\n\t\t\t\t\n\t\t\t\t\n\t\t\t\t\n\t\t\t\t<div class=\"et_pb_module_inner\">\n\t\t\t\t\t<ul class=\"dsm_icon_list_items dsm_icon_list_ltr_direction dsm_icon_list_layout_vertical\"><li class=\"dsm_icon_list_child dsm_icon_list_child_0\">\n\t\t\t\t\n\t\t\t\t\n\t\t\t\t\n\t\t\t\t\n\t\t\t\t<span class=\"dsm_icon_list_wrapper\"><span class=\"dsm_icon_list_image\"><img decoding=\"async\" src=\"http:\/\/tallerdempreses.com\/wp-content\/uploads\/noun-arrow-5597017.png\" alt=\"\" \/><\/span><\/span><span class=\"dsm_icon_list_text\">Consultor\u00eda en materia laboral.<\/span>\n\t\t\t<\/li><li class=\"dsm_icon_list_child dsm_icon_list_child_1\">\n\t\t\t\t\n\t\t\t\t\n\t\t\t\t\n\t\t\t\t\n\t\t\t\t<span class=\"dsm_icon_list_wrapper\"><span class=\"dsm_icon_list_image\"><img decoding=\"async\" src=\"http:\/\/tallerdempreses.com\/wp-content\/uploads\/noun-arrow-5597017.png\" alt=\"\" \/><\/span><\/span><span class=\"dsm_icon_list_text\">Inscripci\u00f3 d'empreses a la Seguretat Social.<\/span>\n\t\t\t<\/li><li class=\"dsm_icon_list_child dsm_icon_list_child_2\">\n\t\t\t\t\n\t\t\t\t\n\t\t\t\t\n\t\t\t\t\n\t\t\t\t<span class=\"dsm_icon_list_wrapper\"><span class=\"dsm_icon_list_image\"><img decoding=\"async\" src=\"http:\/\/tallerdempreses.com\/wp-content\/uploads\/noun-arrow-5597017.png\" alt=\"\" \/><\/span><\/span><span class=\"dsm_icon_list_text\">Altes de centres de treball.<\/span>\n\t\t\t<\/li><li class=\"dsm_icon_list_child dsm_icon_list_child_3\">\n\t\t\t\t\n\t\t\t\t\n\t\t\t\t\n\t\t\t\t\n\t\t\t\t<span class=\"dsm_icon_list_wrapper\"><span class=\"dsm_icon_list_image\"><img decoding=\"async\" src=\"http:\/\/tallerdempreses.com\/wp-content\/uploads\/noun-arrow-5597017.png\" alt=\"\" \/><\/span><\/span><span class=\"dsm_icon_list_text\"> Contractes de treball i acomiadaments.<\/span>\n\t\t\t<\/li><li class=\"dsm_icon_list_child dsm_icon_list_child_4\">\n\t\t\t\t\n\t\t\t\t\n\t\t\t\t\n\t\t\t\t\n\t\t\t\t<span class=\"dsm_icon_list_wrapper\"><span class=\"dsm_icon_list_image\"><img decoding=\"async\" src=\"http:\/\/tallerdempreses.com\/wp-content\/uploads\/noun-arrow-5597017.png\" alt=\"\" \/><\/span><\/span><span class=\"dsm_icon_list_text\"> Confecci\u00f3 de n\u00f2mines i assegurances socials<\/span>\n\t\t\t<\/li><li class=\"dsm_icon_list_child dsm_icon_list_child_5\">\n\t\t\t\t\n\t\t\t\t\n\t\t\t\t\n\t\t\t\t\n\t\t\t\t<span class=\"dsm_icon_list_wrapper\"><span class=\"dsm_icon_list_image\"><img decoding=\"async\" src=\"http:\/\/tallerdempreses.com\/wp-content\/uploads\/noun-arrow-5597017.png\" alt=\"\" \/><\/span><\/span><span class=\"dsm_icon_list_text\">Gestions amb la Seguretat Social<\/span>\n\t\t\t<\/li><\/ul>\n\t\t\t\t<\/div>\n\t\t\t<\/div><div class=\"et_pb_module dsm_icon_list dsm_icon_list_1\">\n\t\t\t\t\n\t\t\t\t\n\t\t\t\t\n\t\t\t\t\n\t\t\t\t\n\t\t\t\t\n\t\t\t\t<div class=\"et_pb_module_inner\">\n\t\t\t\t\t<ul class=\"dsm_icon_list_items dsm_icon_list_ltr_direction dsm_icon_list_layout_vertical\"><\/ul>\n\t\t\t\t<\/div>\n\t\t\t<\/div><li class=\"dsm_icon_list_child dsm_icon_list_child_6\">\n\t\t\t\t\n\t\t\t\t\n\t\t\t\t\n\t\t\t\t\n\t\t\t\t<span class=\"dsm_icon_list_wrapper\"><span class=\"dsm_icon_list_image\"><img decoding=\"async\" src=\"http:\/\/tallerdempreses.com\/wp-content\/uploads\/noun-arrow-5597017.png\" alt=\"\" \/><\/span><\/span><span class=\"dsm_icon_list_text\">Tramitaci\u00f3 de prestacions<\/span>\n\t\t\t<\/li><li class=\"dsm_icon_list_child dsm_icon_list_child_7\">\n\t\t\t\t\n\t\t\t\t\n\t\t\t\t\n\t\t\t\t\n\t\t\t\t<span class=\"dsm_icon_list_wrapper\"><span class=\"dsm_icon_list_image\"><img decoding=\"async\" src=\"http:\/\/tallerdempreses.com\/wp-content\/uploads\/noun-arrow-5597017.png\" alt=\"\" \/><\/span><\/span><span class=\"dsm_icon_list_text\">Gesti\u00f3 d'incapacitats temporals i accidents de treball<\/span>\n\t\t\t<\/li><li class=\"dsm_icon_list_child dsm_icon_list_child_8\">\n\t\t\t\t\n\t\t\t\t\n\t\t\t\t\n\t\t\t\t\n\t\t\t\t<span class=\"dsm_icon_list_wrapper\"><span class=\"dsm_icon_list_image\"><img decoding=\"async\" src=\"http:\/\/tallerdempreses.com\/wp-content\/uploads\/noun-arrow-5597017.png\" alt=\"\" \/><\/span><\/span><span class=\"dsm_icon_list_text\">Comunicacions, requeriments i gesti\u00f3 de les quotes mensuals<\/span>\n\t\t\t<\/li><li class=\"dsm_icon_list_child dsm_icon_list_child_9\">\n\t\t\t\t\n\t\t\t\t\n\t\t\t\t\n\t\t\t\t\n\t\t\t\t<span class=\"dsm_icon_list_wrapper\"><span class=\"dsm_icon_list_image\"><img decoding=\"async\" src=\"http:\/\/tallerdempreses.com\/wp-content\/uploads\/noun-arrow-5597017.png\" alt=\"\" \/><\/span><\/span><span class=\"dsm_icon_list_text\"> En materia de cotizaci\u00f3n: comunicaciones y gesti\u00f3n de las cuotas mensuales<\/span>\n\t\t\t<\/li><li class=\"dsm_icon_list_child dsm_icon_list_child_10\">\n\t\t\t\t\n\t\t\t\t\n\t\t\t\t\n\t\t\t\t\n\t\t\t\t<span class=\"dsm_icon_list_wrapper\"><span class=\"dsm_icon_list_icon\">P<\/span><\/span><span class=\"dsm_icon_list_text\">&#8221;Assessorament<\/span>\n\t\t\t<\/li><\/p>\n","protected":false},"author":1,"featured_media":0,"parent":0,"menu_order":0,"comment_status":"closed","ping_status":"closed","template":"","meta":{"_et_pb_use_builder":"on","_et_pb_old_content":"","_et_gb_content_width":"","footnotes":""},"class_list":["post-749","page","type-page","status-publish","hentry"],"yoast_head":"<!-- This site is optimized with the Yoast SEO plugin v24.8.1 - https:\/\/yoast.com\/wordpress\/plugins\/seo\/ -->\n<title>Laboral - Taller d&#039;administraci\u00f3 d&#039;empreses<\/title>\n<meta name=\"robots\" content=\"index, follow, max-snippet:-1, max-image-preview:large, max-video-preview:-1\" \/>\n<link rel=\"canonical\" href=\"https:\/\/tallerdempreses.com\/ca\/laboral\/\" \/>\n<meta property=\"og:locale\" content=\"ca_ES\" \/>\n<meta property=\"og:type\" content=\"article\" \/>\n<meta property=\"og:title\" content=\"Laboral - Taller d&#039;administraci\u00f3 d&#039;empreses\" \/>\n<meta property=\"og:description\" content=\"La import\u00e0ncia dun assessorament laboral integralT&#039;ajudem a l&#039;externalitzaci\u00f3 de la gesti\u00f3 administrativa i de tots els tr\u00e0mits en mat\u00e8ria laboral.TR\u00c0MITS SIMPLIFICATS PER A UN NEGOCI COMPETENTEfici\u00e8ncia laboral garantida\" \/>\n<meta property=\"og:url\" content=\"https:\/\/tallerdempreses.com\/ca\/laboral\/\" \/>\n<meta property=\"og:site_name\" content=\"Taller d&#039;administraci\u00f3 d&#039;empreses\" \/>\n<meta property=\"article:modified_time\" content=\"2023-07-14T08:53:55+00:00\" \/>\n<meta name=\"twitter:card\" content=\"summary_large_image\" \/>\n<meta name=\"twitter:label1\" content=\"Temps estimat de lectura\" \/>\n\t<meta name=\"twitter:data1\" content=\"14 minuts\" \/>\n<script type=\"application\/ld+json\" class=\"yoast-schema-graph\">{\"@context\":\"https:\/\/schema.org\",\"@graph\":[{\"@type\":\"WebPage\",\"@id\":\"https:\/\/tallerdempreses.com\/ca\/laboral\/\",\"url\":\"https:\/\/tallerdempreses.com\/ca\/laboral\/\",\"name\":\"Laboral - Taller d&#039;administraci\u00f3 d&#039;empreses\",\"isPartOf\":{\"@id\":\"https:\/\/tallerdempreses.com\/#website\"},\"datePublished\":\"2023-06-14T08:51:12+00:00\",\"dateModified\":\"2023-07-14T08:53:55+00:00\",\"breadcrumb\":{\"@id\":\"https:\/\/tallerdempreses.com\/ca\/laboral\/#breadcrumb\"},\"inLanguage\":\"ca\",\"potentialAction\":[{\"@type\":\"ReadAction\",\"target\":[\"https:\/\/tallerdempreses.com\/ca\/laboral\/\"]}]},{\"@type\":\"BreadcrumbList\",\"@id\":\"https:\/\/tallerdempreses.com\/ca\/laboral\/#breadcrumb\",\"itemListElement\":[{\"@type\":\"ListItem\",\"position\":1,\"name\":\"Portada\",\"item\":\"https:\/\/tallerdempreses.com\/ca\/\"},{\"@type\":\"ListItem\",\"position\":2,\"name\":\"Laboral\"}]},{\"@type\":\"WebSite\",\"@id\":\"https:\/\/tallerdempreses.com\/#website\",\"url\":\"https:\/\/tallerdempreses.com\/\",\"name\":\"Taller d'administraci\u00f3 d'empreses\",\"description\":\"\",\"publisher\":{\"@id\":\"https:\/\/tallerdempreses.com\/#organization\"},\"potentialAction\":[{\"@type\":\"SearchAction\",\"target\":{\"@type\":\"EntryPoint\",\"urlTemplate\":\"https:\/\/tallerdempreses.com\/?s={search_term_string}\"},\"query-input\":{\"@type\":\"PropertyValueSpecification\",\"valueRequired\":true,\"valueName\":\"search_term_string\"}}],\"inLanguage\":\"ca\"},{\"@type\":\"Organization\",\"@id\":\"https:\/\/tallerdempreses.com\/#organization\",\"name\":\"Taller d'administraci\u00f3 d'empreses\",\"url\":\"https:\/\/tallerdempreses.com\/\",\"logo\":{\"@type\":\"ImageObject\",\"inLanguage\":\"ca\",\"@id\":\"https:\/\/tallerdempreses.com\/#\/schema\/logo\/image\/\",\"url\":\"https:\/\/tallerdempreses.com\/wp-content\/uploads\/logo-tae-footer.svg\",\"contentUrl\":\"https:\/\/tallerdempreses.com\/wp-content\/uploads\/logo-tae-footer.svg\",\"width\":1,\"height\":1,\"caption\":\"Taller d'administraci\u00f3 d'empreses\"},\"image\":{\"@id\":\"https:\/\/tallerdempreses.com\/#\/schema\/logo\/image\/\"}}]}<\/script>\n<!-- \/ Yoast SEO plugin. -->","yoast_head_json":{"title":"Laboral - Taller d&#039;administraci\u00f3 d&#039;empreses","robots":{"index":"index","follow":"follow","max-snippet":"max-snippet:-1","max-image-preview":"max-image-preview:large","max-video-preview":"max-video-preview:-1"},"canonical":"https:\/\/tallerdempreses.com\/ca\/laboral\/","og_locale":"ca_ES","og_type":"article","og_title":"Laboral - Taller d&#039;administraci\u00f3 d&#039;empreses","og_description":"La import\u00e0ncia dun assessorament laboral integralT'ajudem a l'externalitzaci\u00f3 de la gesti\u00f3 administrativa i de tots els tr\u00e0mits en mat\u00e8ria laboral.TR\u00c0MITS SIMPLIFICATS PER A UN NEGOCI COMPETENTEfici\u00e8ncia laboral garantida","og_url":"https:\/\/tallerdempreses.com\/ca\/laboral\/","og_site_name":"Taller d&#039;administraci\u00f3 d&#039;empreses","article_modified_time":"2023-07-14T08:53:55+00:00","twitter_card":"summary_large_image","twitter_misc":{"Temps estimat de lectura":"14 minuts"},"schema":{"@context":"https:\/\/schema.org","@graph":[{"@type":"WebPage","@id":"https:\/\/tallerdempreses.com\/ca\/laboral\/","url":"https:\/\/tallerdempreses.com\/ca\/laboral\/","name":"Laboral - Taller d&#039;administraci\u00f3 d&#039;empreses","isPartOf":{"@id":"https:\/\/tallerdempreses.com\/#website"},"datePublished":"2023-06-14T08:51:12+00:00","dateModified":"2023-07-14T08:53:55+00:00","breadcrumb":{"@id":"https:\/\/tallerdempreses.com\/ca\/laboral\/#breadcrumb"},"inLanguage":"ca","potentialAction":[{"@type":"ReadAction","target":["https:\/\/tallerdempreses.com\/ca\/laboral\/"]}]},{"@type":"BreadcrumbList","@id":"https:\/\/tallerdempreses.com\/ca\/laboral\/#breadcrumb","itemListElement":[{"@type":"ListItem","position":1,"name":"Portada","item":"https:\/\/tallerdempreses.com\/ca\/"},{"@type":"ListItem","position":2,"name":"Laboral"}]},{"@type":"WebSite","@id":"https:\/\/tallerdempreses.com\/#website","url":"https:\/\/tallerdempreses.com\/","name":"Taller d'administraci\u00f3 d'empreses","description":"","publisher":{"@id":"https:\/\/tallerdempreses.com\/#organization"},"potentialAction":[{"@type":"SearchAction","target":{"@type":"EntryPoint","urlTemplate":"https:\/\/tallerdempreses.com\/?s={search_term_string}"},"query-input":{"@type":"PropertyValueSpecification","valueRequired":true,"valueName":"search_term_string"}}],"inLanguage":"ca"},{"@type":"Organization","@id":"https:\/\/tallerdempreses.com\/#organization","name":"Taller d'administraci\u00f3 d'empreses","url":"https:\/\/tallerdempreses.com\/","logo":{"@type":"ImageObject","inLanguage":"ca","@id":"https:\/\/tallerdempreses.com\/#\/schema\/logo\/image\/","url":"https:\/\/tallerdempreses.com\/wp-content\/uploads\/logo-tae-footer.svg","contentUrl":"https:\/\/tallerdempreses.com\/wp-content\/uploads\/logo-tae-footer.svg","width":1,"height":1,"caption":"Taller d'administraci\u00f3 d'empreses"},"image":{"@id":"https:\/\/tallerdempreses.com\/#\/schema\/logo\/image\/"}}]}},"_links":{"self":[{"href":"https:\/\/tallerdempreses.com\/ca\/wp-json\/wp\/v2\/pages\/749","targetHints":{"allow":["GET"]}}],"collection":[{"href":"https:\/\/tallerdempreses.com\/ca\/wp-json\/wp\/v2\/pages"}],"about":[{"href":"https:\/\/tallerdempreses.com\/ca\/wp-json\/wp\/v2\/types\/page"}],"author":[{"embeddable":true,"href":"https:\/\/tallerdempreses.com\/ca\/wp-json\/wp\/v2\/users\/1"}],"replies":[{"embeddable":true,"href":"https:\/\/tallerdempreses.com\/ca\/wp-json\/wp\/v2\/comments?post=749"}],"version-history":[{"count":17,"href":"https:\/\/tallerdempreses.com\/ca\/wp-json\/wp\/v2\/pages\/749\/revisions"}],"predecessor-version":[{"id":816,"href":"https:\/\/tallerdempreses.com\/ca\/wp-json\/wp\/v2\/pages\/749\/revisions\/816"}],"wp:attachment":[{"href":"https:\/\/tallerdempreses.com\/ca\/wp-json\/wp\/v2\/media?parent=749"}],"curies":[{"name":"wp","href":"https:\/\/api.w.org\/{rel}","templated":true}]}}